{"id":1734,"date":"2019-12-13T13:41:31","date_gmt":"2019-12-13T12:41:31","guid":{"rendered":"https:\/\/familien.fr\/?page_id=1734"},"modified":"2025-01-30T08:11:55","modified_gmt":"2025-01-30T07:11:55","slug":"conferences","status":"publish","type":"page","link":"https:\/\/familien.fr\/index.php\/conferences\/","title":{"rendered":"Ateliers"},"content":{"rendered":"<p>[et_pb_section fb_built=\u00a0\u00bb1&Prime; _builder_version=\u00a0\u00bb4.0.7&Prime; background_image=\u00a0\u00bbhttps:\/\/familien.fr\/wp-content\/uploads\/2019\/12\/photo-site-floue-scaled.jpg\u00a0\u00bb parallax=\u00a0\u00bbon\u00a0\u00bb parallax_method=\u00a0\u00bboff\u00a0\u00bb width=\u00a0\u00bb100%\u00a0\u00bb min_height=\u00a0\u00bb651px\u00a0\u00bb height=\u00a0\u00bb668px\u00a0\u00bb custom_padding=\u00a0\u00bb||171px|||\u00a0\u00bb filter_brightness=\u00a0\u00bb90%\u00a0\u00bb filter_invert=\u00a0\u00bb3%\u00a0\u00bb filter_sepia=\u00a0\u00bb2%\u00a0\u00bb filter_opacity=\u00a0\u00bb96%\u00a0\u00bb global_colors_info=\u00a0\u00bb{}\u00a0\u00bb][et_pb_row _builder_version=\u00a0\u00bb3.25&Prime; background_size=\u00a0\u00bbinitial\u00a0\u00bb background_position=\u00a0\u00bbtop_left\u00a0\u00bb background_repeat=\u00a0\u00bbrepeat\u00a0\u00bb global_colors_info=\u00a0\u00bb{}\u00a0\u00bb][et_pb_column type=\u00a0\u00bb4_4&Prime; _builder_version=\u00a0\u00bb3.25&Prime; custom_padding=\u00a0\u00bb|||\u00a0\u00bb global_colors_info=\u00a0\u00bb{}\u00a0\u00bb custom_padding__hover=\u00a0\u00bb|||\u00a0\u00bb][et_pb_text _builder_version=\u00a0\u00bb4.2.2&Prime; text_font_size=\u00a0\u00bb19px\u00a0\u00bb text_line_height=\u00a0\u00bb1.8em\u00a0\u00bb header_font_size=\u00a0\u00bb52px\u00a0\u00bb global_colors_info=\u00a0\u00bb{}\u00a0\u00bb]<\/p>\n<h1>Ateliers<\/h1>\n<p>[\/et_pb_text][\/et_pb_column][\/et_pb_row][\/et_pb_section][et_pb_section fb_built=\u00a0\u00bb1&Prime; _builder_version=\u00a0\u00bb3.22.3&Prime; custom_margin=\u00a0\u00bb-163px|||||\u00a0\u00bb global_colors_info=\u00a0\u00bb{}\u00a0\u00bb][et_pb_row _builder_version=\u00a0\u00bb4.0.7&Prime; global_colors_info=\u00a0\u00bb{}\u00a0\u00bb][et_pb_column type=\u00a0\u00bb4_4&Prime; _builder_version=\u00a0\u00bb4.0.7&Prime; global_colors_info=\u00a0\u00bb{}\u00a0\u00bb][et_pb_text _builder_version=\u00a0\u00bb4.6.1&Prime; custom_margin=\u00a0\u00bb||-28px|||\u00a0\u00bb global_colors_info=\u00a0\u00bb{}\u00a0\u00bb]<\/p>\n<p>Nous organisons r\u00e9guli\u00e8rement des ateliers et conf\u00e9rences sur le th\u00e8me de l\u2019accompagnement des enfants ayant un proche hospitalis\u00e9. Le but est d&rsquo;am\u00e9liorer l&rsquo;information sur ce sujet afin de diminuer les incompr\u00e9hensions et les angoisses.<\/p>\n<p><strong>Pour toute demande de renseignements, ou si vous souhaitez voir ce type d&rsquo;ateliers organis\u00e9s dans votre structure, n&rsquo;h\u00e9sitez pas \u00e0 nous contacter via le formulaire contact.<\/strong><\/p>\n<p>En attendant, vous pouvez trouver la majorit\u00e9 de nos cr\u00e9ations sur ce site. Allez faire un petit tour sur <a href=\"https:\/\/familien.fr\/index.php\/boutique\/\">notre boutique<\/a> et vous pourrez y d\u00e9couvrir nos livrets. Ainsi que nos ressources gratuites \u00e0 t\u00e9l\u00e9charger librement.<\/p>\n<p>&nbsp;<\/p>\n<p>[\/et_pb_text][\/et_pb_column][\/et_pb_row][et_pb_row _builder_version=\u00a0\u00bb4.6.1&Prime; _module_preset=\u00a0\u00bbdefault\u00a0\u00bb global_colors_info=\u00a0\u00bb{}\u00a0\u00bb][et_pb_column type=\u00a0\u00bb4_4&Prime; _builder_version=\u00a0\u00bb4.6.1&Prime; _module_preset=\u00a0\u00bbdefault\u00a0\u00bb global_colors_info=\u00a0\u00bb{}\u00a0\u00bb][et_pb_text _builder_version=\u00a0\u00bb4.6.1&Prime; _module_preset=\u00a0\u00bbdefault\u00a0\u00bb global_colors_info=\u00a0\u00bb{}\u00a0\u00bb]<\/p>\n<h2>Quelques exemples d&rsquo;ateliers<\/h2>\n<p>[\/et_pb_text][\/et_pb_column][\/et_pb_row][et_pb_row column_structure=\u00a0\u00bb3_5,2_5&Prime; _builder_version=\u00a0\u00bb4.6.1&Prime; custom_margin=\u00a0\u00bb|auto||auto|false|false\u00a0\u00bb custom_padding=\u00a0\u00bb0px|||||\u00a0\u00bb global_colors_info=\u00a0\u00bb{}\u00a0\u00bb][et_pb_column type=\u00a0\u00bb3_5&Prime; _builder_version=\u00a0\u00bb4.0.7&Prime; global_colors_info=\u00a0\u00bb{}\u00a0\u00bb][et_pb_text _builder_version=\u00a0\u00bb4.6.1&Prime; header_2_font=\u00a0\u00bbQuicksand||||||||\u00a0\u00bb global_colors_info=\u00a0\u00bb{}\u00a0\u00bb]<\/p>\n<h2>Nos ateliers \u00ab\u00a0Naissance d&rsquo;une fratrie\u00a0\u00bb<\/h2>\n<p>Vous attendez un nouvel enfant et \u00eates en questionnement sur l&rsquo;accompagnement de vos ain\u00e9s face \u00e0 l&rsquo;arriv\u00e9e de ce nouveau b\u00e9b\u00e9 ?<\/p>\n<p><span class=\"text_exposed_show\">Vous \u00eates professionnel.les et vous interrogez sur comment accompagner les parents\/les enfants \u00e0 l&rsquo;arriv\u00e9e d&rsquo;un nouveau b\u00e9b\u00e9 dans la famille ?<\/span><\/p>\n<p>Cet atelier dynamique est fait pour vous !<\/p>\n<p>Les points abord\u00e9s :<\/p>\n<p>&gt; Naissance d&rsquo;un petit fr\u00e8re ou d&rsquo;une petite soeur<\/p>\n<p>&gt; Quand parler de ma grossesse \u00e0 mon (mes) ain\u00e9(e)(s)<br \/> &gt; Devenir parent (d&rsquo;une fratrie)<\/p>\n<p>&gt; Les sentiments qui se d\u00e9chainent (les miens, ceux de mon conjoint, ceux des enfants)<br \/> &gt; Changement de comportement de l&rsquo;ain\u00e9 \u00e0 l&rsquo;arriv\u00e9e d&rsquo;un petit fr\u00e8re ou d&rsquo;une petite soeur<\/p>\n<p>&gt; Quand ma famille est recompos\u00e9e ?<br \/> &gt; Jalousie \/ agressivit\u00e9 entre fr\u00e8res et soeurs<\/p>\n<p>&gt; M\u2019accorder du temps, oui mais comment ?<br \/> &gt; La s\u00e9paration au moment de l\u2019accouchement<br \/> &gt; Construction de ma boite \u00e0 outils<br \/> &gt; Conseils livres<\/p>\n<p>[\/et_pb_text][\/et_pb_column][et_pb_column type=\u00a0\u00bb2_5&Prime; _builder_version=\u00a0\u00bb4.0.7&Prime; global_colors_info=\u00a0\u00bb{}\u00a0\u00bb][et_pb_image src=\u00a0\u00bbhttps:\/\/familien.fr\/wp-content\/uploads\/2020\/02\/Naissance-dune-famille-site.png\u00a0\u00bb alt=\u00a0\u00bbAtelier naissance d&rsquo;une fratrie\u00a0\u00bb url=\u00a0\u00bbhttps:\/\/www.helloasso.com\/associations\/familien\/evenements\/naissance-d-une-fratrie-quand-la-famille-s-agrandit\u00a0\u00bb _builder_version=\u00a0\u00bb4.6.1&Prime; width=\u00a0\u00bb82%\u00a0\u00bb global_colors_info=\u00a0\u00bb{}\u00a0\u00bb][\/et_pb_image][\/et_pb_column][\/et_pb_row][et_pb_row column_structure=\u00a0\u00bb1_3,2_3&Prime; _builder_version=\u00a0\u00bb4.2.2&Prime; global_colors_info=\u00a0\u00bb{}\u00a0\u00bb][et_pb_column type=\u00a0\u00bb1_3&Prime; _builder_version=\u00a0\u00bb4.2.2&Prime; global_colors_info=\u00a0\u00bb{}\u00a0\u00bb][et_pb_image src=\u00a0\u00bbhttps:\/\/familien.fr\/wp-content\/uploads\/2020\/02\/lien-interg\u00e9n\u00e9rationnel-site.png\u00a0\u00bb alt=\u00a0\u00bbAtelier maintien du lien interg\u00e9n\u00e9rationnel\u00a0\u00bb _builder_version=\u00a0\u00bb4.6.1&Prime; global_colors_info=\u00a0\u00bb{}\u00a0\u00bb][\/et_pb_image][\/et_pb_column][et_pb_column type=\u00a0\u00bb2_3&Prime; _builder_version=\u00a0\u00bb4.2.2&Prime; global_colors_info=\u00a0\u00bb{}\u00a0\u00bb][et_pb_text _builder_version=\u00a0\u00bb4.6.1&Prime; header_2_font=\u00a0\u00bbQuicksand||||||||\u00a0\u00bb global_colors_info=\u00a0\u00bb{}\u00a0\u00bb]<\/p>\n<h2><\/h2>\n<h2>Nos ateliers \u00ab\u00a0Maintien du lien interg\u00e9n\u00e9rationnel\u00a0\u00bb<\/h2>\n<p>Vous \u00eates parent ou grand-parent et vous vous interrogez sur le maintien du lien entre les enfants et leurs grands-parents ou arri\u00e8res grands-parents ?<\/p>\n<p>Vous \u00eates professionnels et souhaitez r\u00e9fl\u00e9chir \u00e0 des solutions concr\u00e8tes pour accompagner la venue des petits-enfants et arri\u00e8res petits-enfants dans votre \u00e9tablissement ?<\/p>\n<p>Cet atelier est fait pour vous !<\/p>\n<p>Au programme :<\/p>\n<p>&gt; Le lien familial<\/p>\n<p>&gt; La visite en service de g\u00e9riatrie<\/p>\n<p>&gt; Quand la maladie s&rsquo;invite dans la relation<\/p>\n<p>&gt; Les peurs et les appr\u00e9hensions<\/p>\n<p>&gt; Quelles activit\u00e9s proposer au moment de la visite des enfants en service de g\u00e9riatrie<\/p>\n<p>&gt; Trouver le temps pour accompagner le lien<\/p>\n<p>&gt; Conseils livres<\/p>\n<p>&gt; Ma bo\u00eete \u00e0 outils<\/p>\n<p>&gt; Parler de la vieillesse avec les enfants<\/p>\n<p>[\/et_pb_text][\/et_pb_column][\/et_pb_row][et_pb_row column_structure=\u00a0\u00bb3_5,2_5&Prime; _builder_version=\u00a0\u00bb4.2.2&Prime; global_colors_info=\u00a0\u00bb{}\u00a0\u00bb][et_pb_column type=\u00a0\u00bb3_5&Prime; _builder_version=\u00a0\u00bb4.2.2&Prime; global_colors_info=\u00a0\u00bb{}\u00a0\u00bb][et_pb_text _builder_version=\u00a0\u00bb4.6.1&Prime; header_2_font=\u00a0\u00bbQuicksand||||||||\u00a0\u00bb global_colors_info=\u00a0\u00bb{}\u00a0\u00bb]<\/p>\n<h2>Nos ateliers \u00ab\u00a0Les enfants confront\u00e9s \u00e0 l&rsquo;hospitalisation d&rsquo;un proche\u00a0\u00bb<\/h2>\n<p>Vous \u00eates confront\u00e9s \u00e0 l&rsquo;hospitalisation d&rsquo;un membre de la famille et vous interrogez comment accompagner vos enfants face \u00e0 cette \u00e9preuve ?<\/p>\n<p>Vous \u00eates professionnel de sant\u00e9 et souhaitez r\u00e9fl\u00e9chir \u00e0 l&rsquo;accompagnement des enfants ayant un proche hospitalis\u00e9 ?<\/p>\n<p>Cet atelier est fait pour vous !<\/p>\n<p>Au programme :<\/p>\n<p>&gt; Maintien du lien familial malgr\u00e9 l&rsquo;hospitalisation<\/p>\n<p>&gt; R\u00e9pondre aux questions des enfants<\/p>\n<p>&gt; L&rsquo;h\u00f4pital, un lieu pour les enfants ?<\/p>\n<p>&gt; Les peurs et inqui\u00e9tudes (les miennes, celles des enfants &#8230;)<\/p>\n<p>&gt; Trouver du temps pour les enfants, oui mais comment ?<\/p>\n<p>&gt; Conseils livres<\/p>\n<p>&gt; Ma boite \u00e0 outils<\/p>\n<p>&gt; Parler de la maladie avec les enfants<\/p>\n<p>&gt; Les angoisses de mort<\/p>\n<p>[\/et_pb_text][\/et_pb_column][et_pb_column type=\u00a0\u00bb2_5&Prime; _builder_version=\u00a0\u00bb4.2.2&Prime; global_colors_info=\u00a0\u00bb{}\u00a0\u00bb][et_pb_image src=\u00a0\u00bbhttps:\/\/familien.fr\/wp-content\/uploads\/2020\/01\/Couverture-lh\u00f4pital.jpg\u00a0\u00bb alt=\u00a0\u00bbImage atelier Enfant confront\u00e9 \u00e0 l&rsquo;hospitalisation d&rsquo;un proche\u00a0\u00bb _builder_version=\u00a0\u00bb4.6.1&Prime; width=\u00a0\u00bb91%\u00a0\u00bb global_colors_info=\u00a0\u00bb{}\u00a0\u00bb][\/et_pb_image][\/et_pb_column][\/et_pb_row][et_pb_row _builder_version=\u00a0\u00bb4.0.7&Prime; global_colors_info=\u00a0\u00bb{}\u00a0\u00bb][et_pb_column type=\u00a0\u00bb4_4&Prime; _builder_version=\u00a0\u00bb4.0.7&Prime; global_colors_info=\u00a0\u00bb{}\u00a0\u00bb][et_pb_contact_form _builder_version=\u00a0\u00bb4.13.1&Prime; _unique_id=\u00a0\u00bbfd855752-b9c5-4131-baa9-1327a5dc93d7&Prime; global_colors_info=\u00a0\u00bb{}\u00a0\u00bb][et_pb_contact_field field_id=\u00a0\u00bbName\u00a0\u00bb field_title=\u00a0\u00bbNom\u00a0\u00bb _builder_version=\u00a0\u00bb3.16&Prime; global_colors_info=\u00a0\u00bb{}\u00a0\u00bb button_text_size__hover_enabled=\u00a0\u00bboff\u00a0\u00bb button_one_text_size__hover_enabled=\u00a0\u00bboff\u00a0\u00bb button_two_text_size__hover_enabled=\u00a0\u00bboff\u00a0\u00bb button_text_color__hover_enabled=\u00a0\u00bboff\u00a0\u00bb button_one_text_color__hover_enabled=\u00a0\u00bboff\u00a0\u00bb button_two_text_color__hover_enabled=\u00a0\u00bboff\u00a0\u00bb button_border_width__hover_enabled=\u00a0\u00bboff\u00a0\u00bb button_one_border_width__hover_enabled=\u00a0\u00bboff\u00a0\u00bb button_two_border_width__hover_enabled=\u00a0\u00bboff\u00a0\u00bb button_border_color__hover_enabled=\u00a0\u00bboff\u00a0\u00bb button_one_border_color__hover_enabled=\u00a0\u00bboff\u00a0\u00bb button_two_border_color__hover_enabled=\u00a0\u00bboff\u00a0\u00bb button_border_radius__hover_enabled=\u00a0\u00bboff\u00a0\u00bb button_one_border_radius__hover_enabled=\u00a0\u00bboff\u00a0\u00bb button_two_border_radius__hover_enabled=\u00a0\u00bboff\u00a0\u00bb button_letter_spacing__hover_enabled=\u00a0\u00bboff\u00a0\u00bb button_one_letter_spacing__hover_enabled=\u00a0\u00bboff\u00a0\u00bb button_two_letter_spacing__hover_enabled=\u00a0\u00bboff\u00a0\u00bb button_bg_color__hover_enabled=\u00a0\u00bboff\u00a0\u00bb button_one_bg_color__hover_enabled=\u00a0\u00bboff\u00a0\u00bb button_two_bg_color__hover_enabled=\u00a0\u00bboff\u00a0\u00bb][\/et_pb_contact_field][et_pb_contact_field field_id=\u00a0\u00bbEmail\u00a0\u00bb field_title=\u00a0\u00bbAdresse e-mail\u00a0\u00bb field_type=\u00a0\u00bbemail\u00a0\u00bb _builder_version=\u00a0\u00bb3.16&Prime; global_colors_info=\u00a0\u00bb{}\u00a0\u00bb button_text_size__hover_enabled=\u00a0\u00bboff\u00a0\u00bb button_one_text_size__hover_enabled=\u00a0\u00bboff\u00a0\u00bb button_two_text_size__hover_enabled=\u00a0\u00bboff\u00a0\u00bb button_text_color__hover_enabled=\u00a0\u00bboff\u00a0\u00bb button_one_text_color__hover_enabled=\u00a0\u00bboff\u00a0\u00bb button_two_text_color__hover_enabled=\u00a0\u00bboff\u00a0\u00bb button_border_width__hover_enabled=\u00a0\u00bboff\u00a0\u00bb button_one_border_width__hover_enabled=\u00a0\u00bboff\u00a0\u00bb button_two_border_width__hover_enabled=\u00a0\u00bboff\u00a0\u00bb button_border_color__hover_enabled=\u00a0\u00bboff\u00a0\u00bb button_one_border_color__hover_enabled=\u00a0\u00bboff\u00a0\u00bb button_two_border_color__hover_enabled=\u00a0\u00bboff\u00a0\u00bb button_border_radius__hover_enabled=\u00a0\u00bboff\u00a0\u00bb button_one_border_radius__hover_enabled=\u00a0\u00bboff\u00a0\u00bb button_two_border_radius__hover_enabled=\u00a0\u00bboff\u00a0\u00bb button_letter_spacing__hover_enabled=\u00a0\u00bboff\u00a0\u00bb button_one_letter_spacing__hover_enabled=\u00a0\u00bboff\u00a0\u00bb button_two_letter_spacing__hover_enabled=\u00a0\u00bboff\u00a0\u00bb button_bg_color__hover_enabled=\u00a0\u00bboff\u00a0\u00bb button_one_bg_color__hover_enabled=\u00a0\u00bboff\u00a0\u00bb button_two_bg_color__hover_enabled=\u00a0\u00bboff\u00a0\u00bb][\/et_pb_contact_field][et_pb_contact_field field_id=\u00a0\u00bbMessage\u00a0\u00bb field_title=\u00a0\u00bbMessage\u00a0\u00bb field_type=\u00a0\u00bbtext\u00a0\u00bb fullwidth_field=\u00a0\u00bbon\u00a0\u00bb _builder_version=\u00a0\u00bb3.16&Prime; global_colors_info=\u00a0\u00bb{}\u00a0\u00bb button_text_size__hover_enabled=\u00a0\u00bboff\u00a0\u00bb button_one_text_size__hover_enabled=\u00a0\u00bboff\u00a0\u00bb button_two_text_size__hover_enabled=\u00a0\u00bboff\u00a0\u00bb button_text_color__hover_enabled=\u00a0\u00bboff\u00a0\u00bb button_one_text_color__hover_enabled=\u00a0\u00bboff\u00a0\u00bb button_two_text_color__hover_enabled=\u00a0\u00bboff\u00a0\u00bb button_border_width__hover_enabled=\u00a0\u00bboff\u00a0\u00bb button_one_border_width__hover_enabled=\u00a0\u00bboff\u00a0\u00bb button_two_border_width__hover_enabled=\u00a0\u00bboff\u00a0\u00bb button_border_color__hover_enabled=\u00a0\u00bboff\u00a0\u00bb button_one_border_color__hover_enabled=\u00a0\u00bboff\u00a0\u00bb button_two_border_color__hover_enabled=\u00a0\u00bboff\u00a0\u00bb button_border_radius__hover_enabled=\u00a0\u00bboff\u00a0\u00bb button_one_border_radius__hover_enabled=\u00a0\u00bboff\u00a0\u00bb button_two_border_radius__hover_enabled=\u00a0\u00bboff\u00a0\u00bb button_letter_spacing__hover_enabled=\u00a0\u00bboff\u00a0\u00bb button_one_letter_spacing__hover_enabled=\u00a0\u00bboff\u00a0\u00bb button_two_letter_spacing__hover_enabled=\u00a0\u00bboff\u00a0\u00bb button_bg_color__hover_enabled=\u00a0\u00bboff\u00a0\u00bb button_one_bg_color__hover_enabled=\u00a0\u00bboff\u00a0\u00bb button_two_bg_color__hover_enabled=\u00a0\u00bboff\u00a0\u00bb][\/et_pb_contact_field][\/et_pb_contact_form][\/et_pb_column][\/et_pb_row][\/et_pb_section]<\/p>\n<span class=\"et_bloom_bottom_trigger\"><\/span>","protected":false},"excerpt":{"rendered":"<p>AteliersNous organisons r\u00e9guli\u00e8rement des ateliers et conf\u00e9rences sur le th\u00e8me de l\u2019accompagnement des enfants ayant un proche hospitalis\u00e9. Le but est d&rsquo;am\u00e9liorer l&rsquo;information sur ce sujet afin de diminuer les incompr\u00e9hensions et les angoisses. Pour toute demande de renseignements, ou si vous souhaitez voir ce type d&rsquo;ateliers organis\u00e9s dans votre structure, n&rsquo;h\u00e9sitez pas \u00e0 nous [&hellip;]<\/p>\n","protected":false},"author":1,"featured_media":0,"parent":0,"menu_order":0,"comment_status":"closed","ping_status":"closed","template":"","meta":{"_et_pb_use_builder":"on","_et_pb_old_content":"","_et_gb_content_width":"","footnotes":""},"class_list":["post-1734","page","type-page","status-publish","hentry"],"yoast_head":"<!-- This site is optimized with the Yoast SEO plugin v14.9 - https:\/\/yoast.com\/wordpress\/plugins\/seo\/ -->\n<title>Ateliers - Familien<\/title>\n<meta name=\"robots\" content=\"index, follow, max-snippet:-1, max-image-preview:large, max-video-preview:-1\" \/>\n<link rel=\"canonical\" href=\"https:\/\/familien.fr\/index.php\/conferences\/\" \/>\n<meta property=\"og:locale\" content=\"fr_FR\" \/>\n<meta property=\"og:type\" content=\"article\" \/>\n<meta property=\"og:title\" content=\"Ateliers - Familien\" \/>\n<meta property=\"og:description\" content=\"AteliersNous organisons r\u00e9guli\u00e8rement des ateliers et conf\u00e9rences sur le th\u00e8me de l\u2019accompagnement des enfants ayant un proche hospitalis\u00e9. Le but est d&#039;am\u00e9liorer l&#039;information sur ce sujet afin de diminuer les incompr\u00e9hensions et les angoisses. Pour toute demande de renseignements, ou si vous souhaitez voir ce type d&#039;ateliers organis\u00e9s dans votre structure, n&#039;h\u00e9sitez pas \u00e0 nous [&hellip;]\" \/>\n<meta property=\"og:url\" content=\"https:\/\/familien.fr\/index.php\/conferences\/\" \/>\n<meta property=\"og:site_name\" content=\"Familien\" \/>\n<meta property=\"article:publisher\" content=\"https:\/\/www.facebook.com\/accueilfamilien\/\" \/>\n<meta property=\"article:modified_time\" content=\"2025-01-30T07:11:55+00:00\" \/>\n<meta name=\"twitter:card\" content=\"summary\" \/>\n<script type=\"application\/ld+json\" class=\"yoast-schema-graph\">{\"@context\":\"https:\/\/schema.org\",\"@graph\":[{\"@type\":\"WebSite\",\"@id\":\"https:\/\/familien.fr\/#website\",\"url\":\"https:\/\/familien.fr\/\",\"name\":\"Familien\",\"description\":\"accompagnement de la famille confront\\u00e9e \\u00e0 l&#039;hospitalisation\",\"potentialAction\":[{\"@type\":\"SearchAction\",\"target\":\"https:\/\/familien.fr\/?s={search_term_string}\",\"query-input\":\"required name=search_term_string\"}],\"inLanguage\":\"fr-FR\"},{\"@type\":\"WebPage\",\"@id\":\"https:\/\/familien.fr\/index.php\/conferences\/#webpage\",\"url\":\"https:\/\/familien.fr\/index.php\/conferences\/\",\"name\":\"Ateliers - Familien\",\"isPartOf\":{\"@id\":\"https:\/\/familien.fr\/#website\"},\"datePublished\":\"2019-12-13T12:41:31+00:00\",\"dateModified\":\"2025-01-30T07:11:55+00:00\",\"inLanguage\":\"fr-FR\",\"potentialAction\":[{\"@type\":\"ReadAction\",\"target\":[\"https:\/\/familien.fr\/index.php\/conferences\/\"]}]}]}<\/script>\n<!-- \/ Yoast SEO plugin. -->","_links":{"self":[{"href":"https:\/\/familien.fr\/index.php\/wp-json\/wp\/v2\/pages\/1734","targetHints":{"allow":["GET"]}}],"collection":[{"href":"https:\/\/familien.fr\/index.php\/wp-json\/wp\/v2\/pages"}],"about":[{"href":"https:\/\/familien.fr\/index.php\/wp-json\/wp\/v2\/types\/page"}],"author":[{"embeddable":true,"href":"https:\/\/familien.fr\/index.php\/wp-json\/wp\/v2\/users\/1"}],"replies":[{"embeddable":true,"href":"https:\/\/familien.fr\/index.php\/wp-json\/wp\/v2\/comments?post=1734"}],"version-history":[{"count":27,"href":"https:\/\/familien.fr\/index.php\/wp-json\/wp\/v2\/pages\/1734\/revisions"}],"predecessor-version":[{"id":2281,"href":"https:\/\/familien.fr\/index.php\/wp-json\/wp\/v2\/pages\/1734\/revisions\/2281"}],"wp:attachment":[{"href":"https:\/\/familien.fr\/index.php\/wp-json\/wp\/v2\/media?parent=1734"}],"curies":[{"name":"wp","href":"https:\/\/api.w.org\/{rel}","templated":true}]}}