{"id":856,"date":"2018-05-14T14:28:44","date_gmt":"2018-05-14T12:28:44","guid":{"rendered":"http:\/\/familien.fr\/?page_id=856"},"modified":"2018-05-14T14:34:06","modified_gmt":"2018-05-14T12:34:06","slug":"mentions-legales","status":"publish","type":"page","link":"https:\/\/familien.fr\/index.php\/mentions-legales\/","title":{"rendered":"Mentions L\u00e9gales"},"content":{"rendered":"<p>[et_pb_section bb_built=\u00a0\u00bb1&Prime;][et_pb_row][et_pb_column type=\u00a0\u00bb4_4&Prime;][et_pb_text _builder_version=\u00a0\u00bb3.2&Prime;]<\/p>\n<h1 style=\"margin: 0in; font-family: Calibri; font-size: 20pt;\"><span style=\"font-weight: bold; font-family: lemonnn; font-size: 24pt; color: #000000;\">MENTIONS L\u00c9GALES<\/span><\/h1>\n<p style=\"margin: 0in; font-family: Calibri; font-size: 11pt;\"><span style=\"color: #000000;\">Le site \u00ab familien.fr \u00bb est sous la responsabilit\u00e9 de l&rsquo;association Familien.<\/span><\/p>\n<p style=\"margin: 0in; font-family: Calibri; font-size: 11pt;\"><span style=\"color: #000000;\">Toute citation, totale ou partielle du contenu du site de l\u2019association \u00ab\u00a0Familien\u00a0\u00bb est libre, sous r\u00e9serve expresse de citer l\u2019auteur (Familien), et de placer un lien cliquable vers la page originale. Tout autre mat\u00e9riel contenu sur ce site, photos, images, logos, noms de produits ou marques cit\u00e9es, etc\u2026 n\u2019appartenant pas \u00e0 l\u2019association est la propri\u00e9t\u00e9 de leurs d\u00e9tenteurs respectifs.<\/span><\/p>\n<p>&nbsp;<\/p>\n<h2 style=\"margin: 0in; font-family: Calibri; font-size: 18pt;\"><span style=\"font-weight: bold; font-family: lemonnn; font-size: 18pt; color: #000000;\">Association Familien<\/span><\/h2>\n<p style=\"margin: 0in; font-family: Calibri; font-size: 11pt;\"><span style=\"color: #000000;\">Familien est une association statutaire de la loi de 1901 sur les associations.<\/span><\/p>\n<p style=\"margin: 0in; font-family: Calibri; font-size: 11pt;\"><span style=\"color: #000000;\">D\u00e9clar\u00e9e le 27 octobre 2017 \u00e0 la pr\u00e9fecture du Rh\u00f4ne sous le nom : Familien.<\/span><\/p>\n<p style=\"margin: 0in; font-family: Calibri; font-size: 11pt;\"><span style=\"color: #000000;\">Num\u00e9ro d\u2019association : W691093911<\/span><\/p>\n<p style=\"margin: 0in; font-family: Calibri; font-size: 11pt;\"><span style=\"color: #000000;\">\u00a0<\/span><\/p>\n<h2 style=\"margin: 0in; font-family: Calibri; font-size: 18pt;\"><span style=\"font-weight: bold; font-family: lemonnn; color: #000000;\">Contacts<\/span><\/h2>\n<p style=\"margin: 0in; font-family: Calibri; font-size: 11pt;\"><span style=\"color: #000000;\">Adresse du si\u00e8ge : 8 place Georges Pompidou 69290 Saint Genis les Olli\u00e8res.<\/span><\/p>\n<p style=\"margin: 0in; font-family: Calibri; font-size: 11pt;\"><span style=\"color: #000000;\">T\u00e9l\u00e9phone : 06.76.37.72.55<\/span><\/p>\n<p style=\"margin: 0in; font-family: Calibri; font-size: 11pt;\"><span style=\"color: #000000;\">Adresse \u00e9lectronique : contact[at]familien.fr<\/span><\/p>\n<h2 style=\"margin: 0in; font-family: Calibri; font-size: 11pt;\"><\/h2>\n<h2 style=\"margin: 0in; font-family: Calibri; font-size: 18pt;\"><span style=\"font-weight: bold; font-family: lemonnn; font-size: 18pt; color: #000000;\">Responsables du site<\/span><\/h2>\n<p style=\"margin: 0in; font-family: Calibri; font-size: 11pt;\"><span style=\"color: #000000;\">Responsable Edition du site : Emilie Valy, Pr\u00e9sidente de l&rsquo;association<\/span><\/p>\n<p style=\"margin: 0in; font-family: Calibri; font-size: 11pt;\"><span style=\"color: #000000;\">Conseils\/cr\u00e9ation : Nicolas Gautron<\/span><\/p>\n<h2 style=\"margin: 0in; font-family: Calibri; font-size: 18pt;\"><span style=\"font-weight: bold; font-family: lemonnn; color: #000000;\">H\u00e9bergeur<\/span><\/h2>\n<p style=\"margin: 0in; font-family: Calibri; font-size: 11pt;\"><span style=\"color: #000000;\">OVH<\/span><\/p>\n<p style=\"margin: 0in; font-family: Calibri; font-size: 11pt;\"><span style=\"color: #000000;\">Route de la Ferme Masson<\/span><\/p>\n<p style=\"margin: 0in; font-family: Calibri; font-size: 11pt;\"><span style=\"color: #000000;\">59820 Gravelines<\/span><\/p>\n<p>[\/et_pb_text][\/et_pb_column][\/et_pb_row][\/et_pb_section]<\/p>\n<span class=\"et_bloom_bottom_trigger\"><\/span>","protected":false},"excerpt":{"rendered":"<p><div class=\"et_pb_row et_pb_row_0 et_pb_row_empty\">\n\t\t\t\t\n\t\t\t\t\n\t\t\t\t\n\t\t\t<\/div> MENTIONS L\u00c9GALES Le site \u00ab familien.fr \u00bb est sous la responsabilit\u00e9 de l&rsquo;association Familien. Toute citation, totale ou partielle du contenu du site de l\u2019association \u00ab\u00a0Familien\u00a0\u00bb est libre, sous r\u00e9serve expresse de citer l\u2019auteur (Familien), et de placer un lien cliquable vers la page originale. Tout autre mat\u00e9riel contenu sur ce site, photos, images, [&hellip;]<\/p>\n","protected":false},"author":1,"featured_media":0,"parent":0,"menu_order":0,"comment_status":"closed","ping_status":"closed","template":"","meta":{"_et_pb_use_builder":"on","_et_pb_old_content":"","_et_gb_content_width":"","footnotes":""},"class_list":["post-856","page","type-page","status-publish","hentry"],"yoast_head":"<!-- This site is optimized with the Yoast SEO plugin v14.9 - https:\/\/yoast.com\/wordpress\/plugins\/seo\/ -->\n<title>Mentions L\u00e9gales - Familien<\/title>\n<meta name=\"robots\" content=\"index, follow, max-snippet:-1, max-image-preview:large, max-video-preview:-1\" \/>\n<link rel=\"canonical\" href=\"https:\/\/familien.fr\/index.php\/mentions-legales\/\" \/>\n<meta property=\"og:locale\" content=\"fr_FR\" \/>\n<meta property=\"og:type\" content=\"article\" \/>\n<meta property=\"og:title\" content=\"Mentions L\u00e9gales - Familien\" \/>\n<meta property=\"og:description\" content=\"MENTIONS L\u00c9GALES Le site \u00ab familien.fr \u00bb est sous la responsabilit\u00e9 de l&#039;association Familien. Toute citation, totale ou partielle du contenu du site de l\u2019association \u00ab\u00a0Familien\u00a0\u00bb est libre, sous r\u00e9serve expresse de citer l\u2019auteur (Familien), et de placer un lien cliquable vers la page originale. Tout autre mat\u00e9riel contenu sur ce site, photos, images, [&hellip;]\" \/>\n<meta property=\"og:url\" content=\"https:\/\/familien.fr\/index.php\/mentions-legales\/\" \/>\n<meta property=\"og:site_name\" content=\"Familien\" \/>\n<meta property=\"article:publisher\" content=\"https:\/\/www.facebook.com\/accueilfamilien\/\" \/>\n<meta property=\"article:modified_time\" content=\"2018-05-14T12:34:06+00:00\" \/>\n<meta name=\"twitter:card\" content=\"summary\" \/>\n<script type=\"application\/ld+json\" class=\"yoast-schema-graph\">{\"@context\":\"https:\/\/schema.org\",\"@graph\":[{\"@type\":\"WebSite\",\"@id\":\"https:\/\/familien.fr\/#website\",\"url\":\"https:\/\/familien.fr\/\",\"name\":\"Familien\",\"description\":\"accompagnement de la famille confront\\u00e9e \\u00e0 l&#039;hospitalisation\",\"potentialAction\":[{\"@type\":\"SearchAction\",\"target\":\"https:\/\/familien.fr\/?s={search_term_string}\",\"query-input\":\"required name=search_term_string\"}],\"inLanguage\":\"fr-FR\"},{\"@type\":\"WebPage\",\"@id\":\"https:\/\/familien.fr\/index.php\/mentions-legales\/#webpage\",\"url\":\"https:\/\/familien.fr\/index.php\/mentions-legales\/\",\"name\":\"Mentions L\\u00e9gales - Familien\",\"isPartOf\":{\"@id\":\"https:\/\/familien.fr\/#website\"},\"datePublished\":\"2018-05-14T12:28:44+00:00\",\"dateModified\":\"2018-05-14T12:34:06+00:00\",\"inLanguage\":\"fr-FR\",\"potentialAction\":[{\"@type\":\"ReadAction\",\"target\":[\"https:\/\/familien.fr\/index.php\/mentions-legales\/\"]}]}]}<\/script>\n<!-- \/ Yoast SEO plugin. -->","_links":{"self":[{"href":"https:\/\/familien.fr\/index.php\/wp-json\/wp\/v2\/pages\/856","targetHints":{"allow":["GET"]}}],"collection":[{"href":"https:\/\/familien.fr\/index.php\/wp-json\/wp\/v2\/pages"}],"about":[{"href":"https:\/\/familien.fr\/index.php\/wp-json\/wp\/v2\/types\/page"}],"author":[{"embeddable":true,"href":"https:\/\/familien.fr\/index.php\/wp-json\/wp\/v2\/users\/1"}],"replies":[{"embeddable":true,"href":"https:\/\/familien.fr\/index.php\/wp-json\/wp\/v2\/comments?post=856"}],"version-history":[{"count":3,"href":"https:\/\/familien.fr\/index.php\/wp-json\/wp\/v2\/pages\/856\/revisions"}],"predecessor-version":[{"id":861,"href":"https:\/\/familien.fr\/index.php\/wp-json\/wp\/v2\/pages\/856\/revisions\/861"}],"wp:attachment":[{"href":"https:\/\/familien.fr\/index.php\/wp-json\/wp\/v2\/media?parent=856"}],"curies":[{"name":"wp","href":"https:\/\/api.w.org\/{rel}","templated":true}]}}