{"id":1138,"date":"2019-01-07T14:51:09","date_gmt":"2019-01-07T13:51:09","guid":{"rendered":"https:\/\/familien.fr\/?post_type=project&#038;p=1138"},"modified":"2025-01-30T08:06:43","modified_gmt":"2025-01-30T07:06:43","slug":"fiche-emotions","status":"publish","type":"project","link":"https:\/\/familien.fr\/index.php\/project\/fiche-emotions\/","title":{"rendered":"Fiche \u00e9motions"},"content":{"rendered":"<p>[et_pb_section fb_built=\u00a0\u00bb1&Prime; _builder_version=\u00a0\u00bb3.22&Prime; global_colors_info=\u00a0\u00bb{}\u00a0\u00bb][et_pb_row _builder_version=\u00a0\u00bb3.25&Prime; background_size=\u00a0\u00bbinitial\u00a0\u00bb background_position=\u00a0\u00bbtop_left\u00a0\u00bb background_repeat=\u00a0\u00bbrepeat\u00a0\u00bb global_colors_info=\u00a0\u00bb{}\u00a0\u00bb column_structure=\u00a0\u00bb1_2,1_2&Prime;][et_pb_column type=\u00a0\u00bb1_2&Prime; _builder_version=\u00a0\u00bb3.25&Prime; custom_padding=\u00a0\u00bb|||\u00a0\u00bb global_colors_info=\u00a0\u00bb{}\u00a0\u00bb custom_padding__hover=\u00a0\u00bb|||\u00a0\u00bb][et_pb_image src=\u00a0\u00bbhttps:\/\/familien.fr\/wp-content\/uploads\/2019\/01\/PIGMENTDESBELETTES_ILLUSTRATION_FAMILIEN_AFFICHE_ENFANT_EMOTIONS.jpg\u00a0\u00bb align_tablet=\u00a0\u00bbcenter\u00a0\u00bb align_last_edited=\u00a0\u00bbon|desktop\u00a0\u00bb _builder_version=\u00a0\u00bb3.23&Prime; global_colors_info=\u00a0\u00bb{}\u00a0\u00bb align_phone=\u00a0\u00bbcenter\u00a0\u00bb]<\/p>\n<p>&nbsp;<\/p>\n<p>[\/et_pb_image][\/et_pb_column][et_pb_column type=\u00a0\u00bb1_2&Prime; _builder_version=\u00a0\u00bb3.25&Prime; custom_padding=\u00a0\u00bb|||\u00a0\u00bb global_colors_info=\u00a0\u00bb{}\u00a0\u00bb custom_padding__hover=\u00a0\u00bb|||\u00a0\u00bb][et_pb_text _builder_version=\u00a0\u00bb3.27.4&Prime; custom_margin=\u00a0\u00bb90px||\u00a0\u00bb global_colors_info=\u00a0\u00bb{}\u00a0\u00bb]<\/p>\n<p>Pour colorier comment je me sens aujourd&rsquo;hui &#8230; Une aide pour mettre des mots sur l&rsquo;\u00e9motion qui nous habite, \u00e0 t\u00e9l\u00e9charger et colorier sans mod\u00e9ration !<\/p>\n<p>&nbsp;<\/p>\n<p>R\u00e9alisation graphique : Magali Hubac. https:\/\/magalihubac.fr\/<\/p>\n<p>&nbsp;<\/p>\n<p>[\/et_pb_text][et_pb_button button_url=\u00a0\u00bbhttps:\/\/familien.fr\/wp-content\/uploads\/2019\/01\/RESSOURCES_\u00e9motions.pdf\u00a0\u00bb button_text=\u00a0\u00bbT\u00e9l\u00e9charger\u00a0\u00bb _builder_version=\u00a0\u00bb3.17.6&Prime; custom_margin=\u00a0\u00bb-30px||\u00a0\u00bb global_colors_info=\u00a0\u00bb{}\u00a0\u00bb]<\/p>\n<p>&nbsp;<\/p>\n<p>[\/et_pb_button][\/et_pb_column][\/et_pb_row][et_pb_row _builder_version=\u00a0\u00bb3.25&Prime; background_size=\u00a0\u00bbinitial\u00a0\u00bb background_position=\u00a0\u00bbtop_left\u00a0\u00bb background_repeat=\u00a0\u00bbrepeat\u00a0\u00bb global_colors_info=\u00a0\u00bb{}\u00a0\u00bb][et_pb_column type=\u00a0\u00bb4_4&Prime; _builder_version=\u00a0\u00bb3.25&Prime; custom_padding=\u00a0\u00bb|||\u00a0\u00bb global_colors_info=\u00a0\u00bb{}\u00a0\u00bb custom_padding__hover=\u00a0\u00bb|||\u00a0\u00bb][et_pb_comments _builder_version=\u00a0\u00bb3.17.6&Prime; global_colors_info=\u00a0\u00bb{}\u00a0\u00bb][\/et_pb_comments][\/et_pb_column][\/et_pb_row][\/et_pb_section]<\/p>\n<span class=\"et_bloom_bottom_trigger\"><\/span>","protected":false},"excerpt":{"rendered":"<p>&nbsp; Pour colorier comment je me sens aujourd&rsquo;hui &#8230; Une aide pour mettre des mots sur l&rsquo;\u00e9motion qui nous habite, \u00e0 t\u00e9l\u00e9charger et colorier sans mod\u00e9ration ! &nbsp; R\u00e9alisation graphique : Magali Hubac. https:\/\/magalihubac.fr\/ &nbsp;&nbsp;<\/p>\n","protected":false},"author":1,"featured_media":1139,"comment_status":"open","ping_status":"closed","template":"","meta":{"_et_pb_use_builder":"on","_et_pb_old_content":"","_et_gb_content_width":"","footnotes":""},"project_category":[17,18],"project_tag":[],"class_list":["post-1138","project","type-project","status-publish","has-post-thumbnail","hentry","project_category-les-emotions","project_category-les-imprimables"],"yoast_head":"<!-- This site is optimized with the Yoast SEO plugin v14.9 - https:\/\/yoast.com\/wordpress\/plugins\/seo\/ -->\n<title>Fiche \u00e9motions - Familien<\/title>\n<meta name=\"robots\" content=\"index, follow, max-snippet:-1, max-image-preview:large, max-video-preview:-1\" \/>\n<link rel=\"canonical\" href=\"https:\/\/familien.fr\/index.php\/project\/fiche-emotions\/\" \/>\n<meta property=\"og:locale\" content=\"fr_FR\" \/>\n<meta property=\"og:type\" content=\"article\" \/>\n<meta property=\"og:title\" content=\"Fiche \u00e9motions - Familien\" \/>\n<meta property=\"og:description\" content=\"&nbsp; Pour colorier comment je me sens aujourd&#039;hui ... Une aide pour mettre des mots sur l&#039;\u00e9motion qui nous habite, \u00e0 t\u00e9l\u00e9charger et colorier sans mod\u00e9ration ! &nbsp; R\u00e9alisation graphique : Magali Hubac. https:\/\/magalihubac.fr\/ &nbsp;&nbsp;\" \/>\n<meta property=\"og:url\" content=\"https:\/\/familien.fr\/index.php\/project\/fiche-emotions\/\" \/>\n<meta property=\"og:site_name\" content=\"Familien\" \/>\n<meta property=\"article:publisher\" content=\"https:\/\/www.facebook.com\/accueilfamilien\/\" \/>\n<meta property=\"article:modified_time\" content=\"2025-01-30T07:06:43+00:00\" \/>\n<meta property=\"og:image\" content=\"https:\/\/familien.fr\/wp-content\/uploads\/2019\/01\/PIGMENTDESBELETTES_ILLUSTRATION_FAMILIEN_AFFICHE_ENFANT_EMOTIONS.jpg\" \/>\n\t<meta property=\"og:image:width\" content=\"1181\" \/>\n\t<meta property=\"og:image:height\" content=\"1181\" \/>\n<meta name=\"twitter:card\" content=\"summary\" \/>\n<script type=\"application\/ld+json\" class=\"yoast-schema-graph\">{\"@context\":\"https:\/\/schema.org\",\"@graph\":[{\"@type\":\"WebSite\",\"@id\":\"https:\/\/familien.fr\/#website\",\"url\":\"https:\/\/familien.fr\/\",\"name\":\"Familien\",\"description\":\"accompagnement de la famille confront\\u00e9e \\u00e0 l&#039;hospitalisation\",\"potentialAction\":[{\"@type\":\"SearchAction\",\"target\":\"https:\/\/familien.fr\/?s={search_term_string}\",\"query-input\":\"required name=search_term_string\"}],\"inLanguage\":\"fr-FR\"},{\"@type\":\"ImageObject\",\"@id\":\"https:\/\/familien.fr\/index.php\/project\/fiche-emotions\/#primaryimage\",\"inLanguage\":\"fr-FR\",\"url\":\"https:\/\/familien.fr\/wp-content\/uploads\/2019\/01\/PIGMENTDESBELETTES_ILLUSTRATION_FAMILIEN_AFFICHE_ENFANT_EMOTIONS.jpg\",\"width\":1181,\"height\":1181},{\"@type\":\"WebPage\",\"@id\":\"https:\/\/familien.fr\/index.php\/project\/fiche-emotions\/#webpage\",\"url\":\"https:\/\/familien.fr\/index.php\/project\/fiche-emotions\/\",\"name\":\"Fiche \\u00e9motions - Familien\",\"isPartOf\":{\"@id\":\"https:\/\/familien.fr\/#website\"},\"primaryImageOfPage\":{\"@id\":\"https:\/\/familien.fr\/index.php\/project\/fiche-emotions\/#primaryimage\"},\"datePublished\":\"2019-01-07T13:51:09+00:00\",\"dateModified\":\"2025-01-30T07:06:43+00:00\",\"inLanguage\":\"fr-FR\",\"potentialAction\":[{\"@type\":\"ReadAction\",\"target\":[\"https:\/\/familien.fr\/index.php\/project\/fiche-emotions\/\"]}]}]}<\/script>\n<!-- \/ Yoast SEO plugin. -->","_links":{"self":[{"href":"https:\/\/familien.fr\/index.php\/wp-json\/wp\/v2\/project\/1138","targetHints":{"allow":["GET"]}}],"collection":[{"href":"https:\/\/familien.fr\/index.php\/wp-json\/wp\/v2\/project"}],"about":[{"href":"https:\/\/familien.fr\/index.php\/wp-json\/wp\/v2\/types\/project"}],"author":[{"embeddable":true,"href":"https:\/\/familien.fr\/index.php\/wp-json\/wp\/v2\/users\/1"}],"replies":[{"embeddable":true,"href":"https:\/\/familien.fr\/index.php\/wp-json\/wp\/v2\/comments?post=1138"}],"version-history":[{"count":2,"href":"https:\/\/familien.fr\/index.php\/wp-json\/wp\/v2\/project\/1138\/revisions"}],"predecessor-version":[{"id":2275,"href":"https:\/\/familien.fr\/index.php\/wp-json\/wp\/v2\/project\/1138\/revisions\/2275"}],"wp:featuredmedia":[{"embeddable":true,"href":"https:\/\/familien.fr\/index.php\/wp-json\/wp\/v2\/media\/1139"}],"wp:attachment":[{"href":"https:\/\/familien.fr\/index.php\/wp-json\/wp\/v2\/media?parent=1138"}],"wp:term":[{"taxonomy":"project_category","embeddable":true,"href":"https:\/\/familien.fr\/index.php\/wp-json\/wp\/v2\/project_category?post=1138"},{"taxonomy":"project_tag","embeddable":true,"href":"https:\/\/familien.fr\/index.php\/wp-json\/wp\/v2\/project_tag?post=1138"}],"curies":[{"name":"wp","href":"https:\/\/api.w.org\/{rel}","templated":true}]}}