{"id":1923,"date":"2020-02-14T11:43:55","date_gmt":"2020-02-14T10:43:55","guid":{"rendered":"https:\/\/familien.fr\/?post_type=project&#038;p=1923"},"modified":"2025-01-30T07:58:05","modified_gmt":"2025-01-30T06:58:05","slug":"fiche-de-lecture-deuil-perinatal","status":"publish","type":"project","link":"https:\/\/familien.fr\/index.php\/project\/fiche-de-lecture-deuil-perinatal\/","title":{"rendered":"Fiche de lecture deuil p\u00e9rinatal"},"content":{"rendered":"<p>[et_pb_section fb_built=\u00a0\u00bb1&Prime; _builder_version=\u00a0\u00bb3.22&Prime; global_colors_info=\u00a0\u00bb{}\u00a0\u00bb][et_pb_row column_structure=\u00a0\u00bb1_2,1_2&Prime; _builder_version=\u00a0\u00bb3.25&Prime; background_size=\u00a0\u00bbinitial\u00a0\u00bb background_position=\u00a0\u00bbtop_left\u00a0\u00bb background_repeat=\u00a0\u00bbrepeat\u00a0\u00bb global_colors_info=\u00a0\u00bb{}\u00a0\u00bb][et_pb_column type=\u00a0\u00bb1_2&Prime; _builder_version=\u00a0\u00bb3.25&Prime; custom_padding=\u00a0\u00bb|||\u00a0\u00bb global_colors_info=\u00a0\u00bb{}\u00a0\u00bb custom_padding__hover=\u00a0\u00bb|||\u00a0\u00bb][et_pb_image src=\u00a0\u00bbhttps:\/\/familien.fr\/wp-content\/uploads\/2020\/09\/Affiche-deuil-perinatal.png\u00a0\u00bb alt=\u00a0\u00bbAffiche deuil p\u00e9rinatal\u00a0\u00bb title_text=\u00a0\u00bbAffiche deuil p\u00e9rinatal\u00a0\u00bb align_tablet=\u00a0\u00bbcenter\u00a0\u00bb align_phone=\u00a0\u00bb\u00a0\u00bb align_last_edited=\u00a0\u00bbon|desktop\u00a0\u00bb _builder_version=\u00a0\u00bb4.6.0&Prime; global_colors_info=\u00a0\u00bb{}\u00a0\u00bb]<\/p>\n<p>&nbsp;<\/p>\n<p>[\/et_pb_image][\/et_pb_column][et_pb_column type=\u00a0\u00bb1_2&Prime; _builder_version=\u00a0\u00bb3.25&Prime; custom_padding=\u00a0\u00bb|||\u00a0\u00bb global_colors_info=\u00a0\u00bb{}\u00a0\u00bb custom_padding__hover=\u00a0\u00bb|||\u00a0\u00bb][et_pb_text _builder_version=\u00a0\u00bb4.14.8&Prime; custom_margin=\u00a0\u00bb90px||\u00a0\u00bb hover_enabled=\u00a0\u00bb0&Prime; global_colors_info=\u00a0\u00bb{}\u00a0\u00bb sticky_enabled=\u00a0\u00bb0&Prime;]<\/p>\n<div class=\"\" data-block=\"true\" data-editor=\"c3g5o\" data-offset-key=\"d9noh-0-0\">\n<div data-offset-key=\"d9noh-0-0\" class=\"_1mf _1mj\"><span data-offset-key=\"d9noh-0-0\">Vous \u00eates nombreux \u00e0 nous avoir sollicit\u00e9s \u00e0 propos du difficile sujet qu&rsquo;est le deuil p\u00e9rinatal. Vous souhaitiez savoir si nous avions des conseils de livres pour les fratries\/familles qui vivent cette situation. <\/span><\/div>\n<\/div>\n<div class=\"\" data-block=\"true\" data-editor=\"c3g5o\" data-offset-key=\"38qvf-0-0\">\n<div data-offset-key=\"38qvf-0-0\" class=\"_1mf _1mj\"><span data-offset-key=\"38qvf-0-0\">\u00a0<\/span><\/div>\n<\/div>\n<div class=\"\" data-block=\"true\" data-editor=\"c3g5o\" data-offset-key=\"9653r-0-0\">\n<div data-offset-key=\"9653r-0-0\" class=\"_1mf _1mj\"><span data-offset-key=\"9653r-0-0\">Nous vous proposons donc cette nouvelle fiche de lecture avec 5 livres\/ouvrages, qui ont particuli\u00e8rement retenus notre attention. <\/span><\/div>\n<\/div>\n<div class=\"\" data-block=\"true\" data-editor=\"c3g5o\" data-offset-key=\"fqod1-0-0\">\n<div data-offset-key=\"fqod1-0-0\" class=\"_1mf _1mj\"><span data-offset-key=\"fqod1-0-0\">\u00a0<\/span><\/div>\n<\/div>\n<div class=\"\" data-block=\"true\" data-editor=\"c3g5o\" data-offset-key=\"61m2n-0-0\">\n<div data-offset-key=\"61m2n-0-0\" class=\"_1mf _1mj\"><span data-offset-key=\"61m2n-0-0\">Nous esp\u00e9rons qu&rsquo;ils pourront vous accompagner. Si vous en connaissez d&rsquo;autres qui vous semblent important \u00e0 citer, n&rsquo;h\u00e9sitez pas \u00e0 nous les rajouter en commentaires. <\/span><\/div>\n<\/div>\n<div class=\"\" data-block=\"true\" data-editor=\"c3g5o\" data-offset-key=\"7aiso-0-0\">\n<div data-offset-key=\"7aiso-0-0\" class=\"_1mf _1mj\"><span data-offset-key=\"7aiso-0-0\">\u00a0<\/span><\/div>\n<\/div>\n<div class=\"\" data-block=\"true\" data-editor=\"c3g5o\" data-offset-key=\"djcja-0-0\">\n<div data-offset-key=\"djcja-0-0\" class=\"_1mf _1mj\"><span data-offset-key=\"djcja-0-0\">Comme toujours, cette fiche est \u00e0 t\u00e9l\u00e9charger et diffuser librement.<\/span><\/div>\n<div data-offset-key=\"djcja-0-0\" class=\"_1mf _1mj\"><span data-offset-key=\"djcja-0-0\"><\/span><\/div>\n<div data-offset-key=\"djcja-0-0\" class=\"_1mf _1mj\"><span data-offset-key=\"djcja-0-0\">R\u00e9alisation graphique : Oph\u00e9lie Pitault.<\/span><\/div>\n<div data-offset-key=\"djcja-0-0\" class=\"_1mf _1mj\"><span data-offset-key=\"djcja-0-0\"><\/span><\/div>\n<\/div>\n<p>&nbsp;<\/p>\n<p>&nbsp;<\/p>\n<p>&nbsp;<\/p>\n<p>[\/et_pb_text][et_pb_button button_url=\u00a0\u00bbhttps:\/\/familien.fr\/wp-content\/uploads\/2020\/02\/Fiche20LEcture.pdf\u00a0\u00bb button_text=\u00a0\u00bbT\u00e9l\u00e9charger\u00a0\u00bb _builder_version=\u00a0\u00bb4.2.2&Prime; custom_margin=\u00a0\u00bb-30px||\u00a0\u00bb global_colors_info=\u00a0\u00bb{}\u00a0\u00bb]<\/p>\n<p>&nbsp;<\/p>\n<p>[\/et_pb_button][\/et_pb_column][\/et_pb_row][et_pb_row _builder_version=\u00a0\u00bb3.25&Prime; background_size=\u00a0\u00bbinitial\u00a0\u00bb background_position=\u00a0\u00bbtop_left\u00a0\u00bb background_repeat=\u00a0\u00bbrepeat\u00a0\u00bb global_colors_info=\u00a0\u00bb{}\u00a0\u00bb][et_pb_column type=\u00a0\u00bb4_4&Prime; _builder_version=\u00a0\u00bb3.25&Prime; custom_padding=\u00a0\u00bb|||\u00a0\u00bb global_colors_info=\u00a0\u00bb{}\u00a0\u00bb custom_padding__hover=\u00a0\u00bb|||\u00a0\u00bb][et_pb_comments _builder_version=\u00a0\u00bb3.17.2&Prime; global_colors_info=\u00a0\u00bb{}\u00a0\u00bb][\/et_pb_comments][\/et_pb_column][\/et_pb_row][\/et_pb_section]<\/p>\n<span class=\"et_bloom_bottom_trigger\"><\/span>","protected":false},"excerpt":{"rendered":"<p>&nbsp; Vous \u00eates nombreux \u00e0 nous avoir sollicit\u00e9s \u00e0 propos du difficile sujet qu&rsquo;est le deuil p\u00e9rinatal. Vous souhaitiez savoir si nous avions des conseils de livres pour les fratries\/familles qui vivent cette situation. \u00a0 Nous vous proposons donc cette nouvelle fiche de lecture avec 5 livres\/ouvrages, qui ont particuli\u00e8rement retenus notre attention. \u00a0 Nous [&hellip;]<\/p>\n","protected":false},"author":1,"featured_media":2014,"comment_status":"open","ping_status":"closed","template":"","meta":{"_et_pb_use_builder":"on","_et_pb_old_content":"","_et_gb_content_width":"","footnotes":""},"project_category":[15,19,18,21],"project_tag":[],"class_list":["post-1923","project","type-project","status-publish","has-post-thumbnail","hentry","project_category-la-mort","project_category-les-affiches","project_category-les-imprimables","project_category-les-livres"],"yoast_head":"<!-- This site is optimized with the Yoast SEO plugin v14.9 - https:\/\/yoast.com\/wordpress\/plugins\/seo\/ -->\n<title>Fiche de lecture deuil p\u00e9rinatal - Familien<\/title>\n<meta name=\"robots\" content=\"index, follow, max-snippet:-1, max-image-preview:large, max-video-preview:-1\" \/>\n<link rel=\"canonical\" href=\"https:\/\/familien.fr\/index.php\/project\/fiche-de-lecture-deuil-perinatal\/\" \/>\n<meta property=\"og:locale\" content=\"fr_FR\" \/>\n<meta property=\"og:type\" content=\"article\" \/>\n<meta property=\"og:title\" content=\"Fiche de lecture deuil p\u00e9rinatal - Familien\" \/>\n<meta property=\"og:description\" content=\"&nbsp; Vous \u00eates nombreux \u00e0 nous avoir sollicit\u00e9s \u00e0 propos du difficile sujet qu&#039;est le deuil p\u00e9rinatal. Vous souhaitiez savoir si nous avions des conseils de livres pour les fratries\/familles qui vivent cette situation. \u00a0 Nous vous proposons donc cette nouvelle fiche de lecture avec 5 livres\/ouvrages, qui ont particuli\u00e8rement retenus notre attention. \u00a0 Nous [&hellip;]\" \/>\n<meta property=\"og:url\" content=\"https:\/\/familien.fr\/index.php\/project\/fiche-de-lecture-deuil-perinatal\/\" \/>\n<meta property=\"og:site_name\" content=\"Familien\" \/>\n<meta property=\"article:publisher\" content=\"https:\/\/www.facebook.com\/accueilfamilien\/\" \/>\n<meta property=\"article:modified_time\" content=\"2025-01-30T06:58:05+00:00\" \/>\n<meta property=\"og:image\" content=\"https:\/\/familien.fr\/wp-content\/uploads\/2020\/09\/Affiche-deuil-perinatal-1024x683.png\" \/>\n\t<meta property=\"og:image:width\" content=\"1024\" \/>\n\t<meta property=\"og:image:height\" content=\"683\" \/>\n<meta name=\"twitter:card\" content=\"summary\" \/>\n<script type=\"application\/ld+json\" class=\"yoast-schema-graph\">{\"@context\":\"https:\/\/schema.org\",\"@graph\":[{\"@type\":\"WebSite\",\"@id\":\"https:\/\/familien.fr\/#website\",\"url\":\"https:\/\/familien.fr\/\",\"name\":\"Familien\",\"description\":\"accompagnement de la famille confront\\u00e9e \\u00e0 l&#039;hospitalisation\",\"potentialAction\":[{\"@type\":\"SearchAction\",\"target\":\"https:\/\/familien.fr\/?s={search_term_string}\",\"query-input\":\"required name=search_term_string\"}],\"inLanguage\":\"fr-FR\"},{\"@type\":\"ImageObject\",\"@id\":\"https:\/\/familien.fr\/index.php\/project\/fiche-de-lecture-deuil-perinatal\/#primaryimage\",\"inLanguage\":\"fr-FR\",\"url\":\"https:\/\/familien.fr\/wp-content\/uploads\/2020\/09\/Affiche-deuil-perinatal.png\",\"width\":1920,\"height\":1280},{\"@type\":\"WebPage\",\"@id\":\"https:\/\/familien.fr\/index.php\/project\/fiche-de-lecture-deuil-perinatal\/#webpage\",\"url\":\"https:\/\/familien.fr\/index.php\/project\/fiche-de-lecture-deuil-perinatal\/\",\"name\":\"Fiche de lecture deuil p\\u00e9rinatal - Familien\",\"isPartOf\":{\"@id\":\"https:\/\/familien.fr\/#website\"},\"primaryImageOfPage\":{\"@id\":\"https:\/\/familien.fr\/index.php\/project\/fiche-de-lecture-deuil-perinatal\/#primaryimage\"},\"datePublished\":\"2020-02-14T10:43:55+00:00\",\"dateModified\":\"2025-01-30T06:58:05+00:00\",\"inLanguage\":\"fr-FR\",\"potentialAction\":[{\"@type\":\"ReadAction\",\"target\":[\"https:\/\/familien.fr\/index.php\/project\/fiche-de-lecture-deuil-perinatal\/\"]}]}]}<\/script>\n<!-- \/ Yoast SEO plugin. -->","_links":{"self":[{"href":"https:\/\/familien.fr\/index.php\/wp-json\/wp\/v2\/project\/1923","targetHints":{"allow":["GET"]}}],"collection":[{"href":"https:\/\/familien.fr\/index.php\/wp-json\/wp\/v2\/project"}],"about":[{"href":"https:\/\/familien.fr\/index.php\/wp-json\/wp\/v2\/types\/project"}],"author":[{"embeddable":true,"href":"https:\/\/familien.fr\/index.php\/wp-json\/wp\/v2\/users\/1"}],"replies":[{"embeddable":true,"href":"https:\/\/familien.fr\/index.php\/wp-json\/wp\/v2\/comments?post=1923"}],"version-history":[{"count":6,"href":"https:\/\/familien.fr\/index.php\/wp-json\/wp\/v2\/project\/1923\/revisions"}],"predecessor-version":[{"id":2267,"href":"https:\/\/familien.fr\/index.php\/wp-json\/wp\/v2\/project\/1923\/revisions\/2267"}],"wp:featuredmedia":[{"embeddable":true,"href":"https:\/\/familien.fr\/index.php\/wp-json\/wp\/v2\/media\/2014"}],"wp:attachment":[{"href":"https:\/\/familien.fr\/index.php\/wp-json\/wp\/v2\/media?parent=1923"}],"wp:term":[{"taxonomy":"project_category","embeddable":true,"href":"https:\/\/familien.fr\/index.php\/wp-json\/wp\/v2\/project_category?post=1923"},{"taxonomy":"project_tag","embeddable":true,"href":"https:\/\/familien.fr\/index.php\/wp-json\/wp\/v2\/project_tag?post=1923"}],"curies":[{"name":"wp","href":"https:\/\/api.w.org\/{rel}","templated":true}]}}