{"id":985,"date":"2018-09-25T05:08:02","date_gmt":"2018-09-25T03:08:02","guid":{"rendered":"https:\/\/familien.fr\/?post_type=project&#038;p=985"},"modified":"2018-10-22T16:30:05","modified_gmt":"2018-10-22T14:30:05","slug":"mon-papa-est-malade-antonia-altmeyer-gaelle-callac-xu-hualing","status":"publish","type":"project","link":"https:\/\/familien.fr\/index.php\/project\/mon-papa-est-malade-antonia-altmeyer-gaelle-callac-xu-hualing\/","title":{"rendered":"Mon papa est malade &#8211; Antonia Altmeyer, Ga\u00eblle Callac, Xu Hualing"},"content":{"rendered":"<p>[et_pb_section bb_built=\u00a0\u00bb1&Prime;][et_pb_row][et_pb_column type=\u00a0\u00bb1_2&Prime;][et_pb_image _builder_version=\u00a0\u00bb3.17.2&Prime; src=\u00a0\u00bbhttps:\/\/familien.fr\/wp-content\/uploads\/2018\/09\/une-annee-mon-bel-imagier.jpg\u00a0\u00bb \/][\/et_pb_column][et_pb_column type=\u00a0\u00bb1_2&Prime;][et_pb_text _builder_version=\u00a0\u00bb3.17.2&Prime;]<\/p>\n<h2>Mon papa est malade &#8211; Antonia Altmeyer, Ga\u00eblle Callac, Xu Hualing<\/h2>\n<h3>A partir de 3 ans<\/h3>\n<p>Un album qui aborde la maladie d&rsquo;un papa atteint du cancer, l&rsquo;explique aux enfants d&rsquo;une mani\u00e8re imag\u00e9e, claire, et les rassure sur les \u00e9motions qu&rsquo;ils ressentent fasse \u00e0 un tel diagnostique.<\/p>\n<p>&nbsp;<\/p>\n<p>[\/et_pb_text][et_pb_button _builder_version=\u00a0\u00bb3.17.2&Prime; button_text=\u00a0\u00bbLien\u00a0\u00bb button_url=\u00a0\u00bbhttp:\/\/lebuveurdencre.com\/3-5-ans\/43-une-annee-mon-bel-imagier- 9782914686723.html\u00a0\u00bb \/][\/et_pb_column][\/et_pb_row][et_pb_row][et_pb_column type=\u00a0\u00bb4_4&Prime;][et_pb_comments _builder_version=\u00a0\u00bb3.17.2&Prime; \/][\/et_pb_column][\/et_pb_row][\/et_pb_section]<\/p>\n<span class=\"et_bloom_bottom_trigger\"><\/span>","protected":false},"excerpt":{"rendered":"<p><div class=\"et_pb_row et_pb_row_0 et_pb_row_empty\">\n\t\t\t\t\n\t\t\t\t\n\t\t\t\t\n\t\t\t<\/div> Mon papa est malade &#8211; Antonia Altmeyer, Ga\u00eblle Callac, Xu Hualing A partir de 3 ans Un album qui aborde la maladie d&rsquo;un papa atteint du cancer, l&rsquo;explique aux enfants d&rsquo;une mani\u00e8re imag\u00e9e, claire, et les rassure sur les \u00e9motions qu&rsquo;ils ressentent fasse \u00e0 un tel diagnostique. &nbsp; <div class=\"et_pb_row et_pb_row_1 et_pb_row_empty\">\n\t\t\t\t\n\t\t\t\t\n\t\t\t\t\n\t\t\t<\/div><\/p>\n","protected":false},"author":1,"featured_media":986,"comment_status":"open","ping_status":"closed","template":"","meta":{"_et_pb_use_builder":"on","_et_pb_old_content":"<p>A partir de 3 ans<br \/>Un album qui aborde la maladie d'un papa atteint du cancer, l'explique<br \/>aux enfants d'une mani\u00e8re imag\u00e9e, claire, et les rassure sur les \u00e9motions<br \/>qu'ils ressentent fasse \u00e0 un tel diagnostique.<br \/>Mon papa est malade - \u00e9dition le buveur d'encre - Antonia Altmeyer,<br \/>Ga\u00eblle Callac, Xu Hualing<\/p><p>[button link=\"http:\/\/lebuveurdencre.com\/3-5-ans\/43-une-annee-mon-bel-imagier- 9782914686723.html\"] Lien[\/button]<\/p>","_et_gb_content_width":"","footnotes":""},"project_category":[16,21],"project_tag":[],"class_list":["post-985","project","type-project","status-publish","has-post-thumbnail","hentry","project_category-le-cancer","project_category-les-livres"],"yoast_head":"<!-- This site is optimized with the Yoast SEO plugin v14.9 - https:\/\/yoast.com\/wordpress\/plugins\/seo\/ -->\n<title>Mon papa est malade - Antonia Altmeyer, Ga\u00eblle Callac, Xu Hualing - Familien<\/title>\n<meta name=\"robots\" content=\"index, follow, max-snippet:-1, max-image-preview:large, max-video-preview:-1\" \/>\n<link rel=\"canonical\" href=\"https:\/\/familien.fr\/index.php\/project\/mon-papa-est-malade-antonia-altmeyer-gaelle-callac-xu-hualing\/\" \/>\n<meta property=\"og:locale\" content=\"fr_FR\" \/>\n<meta property=\"og:type\" content=\"article\" \/>\n<meta property=\"og:title\" content=\"Mon papa est malade - Antonia Altmeyer, Ga\u00eblle Callac, Xu Hualing - Familien\" \/>\n<meta property=\"og:description\" content=\"Mon papa est malade - Antonia Altmeyer, Ga\u00eblle Callac, Xu Hualing A partir de 3 ans Un album qui aborde la maladie d&#039;un papa atteint du cancer, l&#039;explique aux enfants d&#039;une mani\u00e8re imag\u00e9e, claire, et les rassure sur les \u00e9motions qu&#039;ils ressentent fasse \u00e0 un tel diagnostique. &nbsp;\" \/>\n<meta property=\"og:url\" content=\"https:\/\/familien.fr\/index.php\/project\/mon-papa-est-malade-antonia-altmeyer-gaelle-callac-xu-hualing\/\" \/>\n<meta property=\"og:site_name\" content=\"Familien\" \/>\n<meta property=\"article:publisher\" content=\"https:\/\/www.facebook.com\/accueilfamilien\/\" \/>\n<meta property=\"article:modified_time\" content=\"2018-10-22T14:30:05+00:00\" \/>\n<meta property=\"og:image\" content=\"https:\/\/familien.fr\/wp-content\/uploads\/2018\/09\/une-annee-mon-bel-imagier.jpg\" \/>\n\t<meta property=\"og:image:width\" content=\"800\" \/>\n\t<meta property=\"og:image:height\" content=\"800\" \/>\n<meta name=\"twitter:card\" content=\"summary\" \/>\n<script type=\"application\/ld+json\" class=\"yoast-schema-graph\">{\"@context\":\"https:\/\/schema.org\",\"@graph\":[{\"@type\":\"WebSite\",\"@id\":\"https:\/\/familien.fr\/#website\",\"url\":\"https:\/\/familien.fr\/\",\"name\":\"Familien\",\"description\":\"accompagnement de la famille confront\\u00e9e \\u00e0 l&#039;hospitalisation\",\"potentialAction\":[{\"@type\":\"SearchAction\",\"target\":\"https:\/\/familien.fr\/?s={search_term_string}\",\"query-input\":\"required name=search_term_string\"}],\"inLanguage\":\"fr-FR\"},{\"@type\":\"ImageObject\",\"@id\":\"https:\/\/familien.fr\/index.php\/project\/mon-papa-est-malade-antonia-altmeyer-gaelle-callac-xu-hualing\/#primaryimage\",\"inLanguage\":\"fr-FR\",\"url\":\"https:\/\/familien.fr\/wp-content\/uploads\/2018\/09\/une-annee-mon-bel-imagier.jpg\",\"width\":800,\"height\":800},{\"@type\":\"WebPage\",\"@id\":\"https:\/\/familien.fr\/index.php\/project\/mon-papa-est-malade-antonia-altmeyer-gaelle-callac-xu-hualing\/#webpage\",\"url\":\"https:\/\/familien.fr\/index.php\/project\/mon-papa-est-malade-antonia-altmeyer-gaelle-callac-xu-hualing\/\",\"name\":\"Mon papa est malade - Antonia Altmeyer, Ga\\u00eblle Callac, Xu Hualing - Familien\",\"isPartOf\":{\"@id\":\"https:\/\/familien.fr\/#website\"},\"primaryImageOfPage\":{\"@id\":\"https:\/\/familien.fr\/index.php\/project\/mon-papa-est-malade-antonia-altmeyer-gaelle-callac-xu-hualing\/#primaryimage\"},\"datePublished\":\"2018-09-25T03:08:02+00:00\",\"dateModified\":\"2018-10-22T14:30:05+00:00\",\"inLanguage\":\"fr-FR\",\"potentialAction\":[{\"@type\":\"ReadAction\",\"target\":[\"https:\/\/familien.fr\/index.php\/project\/mon-papa-est-malade-antonia-altmeyer-gaelle-callac-xu-hualing\/\"]}]}]}<\/script>\n<!-- \/ Yoast SEO plugin. -->","_links":{"self":[{"href":"https:\/\/familien.fr\/index.php\/wp-json\/wp\/v2\/project\/985","targetHints":{"allow":["GET"]}}],"collection":[{"href":"https:\/\/familien.fr\/index.php\/wp-json\/wp\/v2\/project"}],"about":[{"href":"https:\/\/familien.fr\/index.php\/wp-json\/wp\/v2\/types\/project"}],"author":[{"embeddable":true,"href":"https:\/\/familien.fr\/index.php\/wp-json\/wp\/v2\/users\/1"}],"replies":[{"embeddable":true,"href":"https:\/\/familien.fr\/index.php\/wp-json\/wp\/v2\/comments?post=985"}],"version-history":[{"count":3,"href":"https:\/\/familien.fr\/index.php\/wp-json\/wp\/v2\/project\/985\/revisions"}],"predecessor-version":[{"id":1082,"href":"https:\/\/familien.fr\/index.php\/wp-json\/wp\/v2\/project\/985\/revisions\/1082"}],"wp:featuredmedia":[{"embeddable":true,"href":"https:\/\/familien.fr\/index.php\/wp-json\/wp\/v2\/media\/986"}],"wp:attachment":[{"href":"https:\/\/familien.fr\/index.php\/wp-json\/wp\/v2\/media?parent=985"}],"wp:term":[{"taxonomy":"project_category","embeddable":true,"href":"https:\/\/familien.fr\/index.php\/wp-json\/wp\/v2\/project_category?post=985"},{"taxonomy":"project_tag","embeddable":true,"href":"https:\/\/familien.fr\/index.php\/wp-json\/wp\/v2\/project_tag?post=985"}],"curies":[{"name":"wp","href":"https:\/\/api.w.org\/{rel}","templated":true}]}}